{"id":166,"date":"2025-01-05T20:02:57","date_gmt":"2025-01-05T20:02:57","guid":{"rendered":"https:\/\/garten-bramsiepe.eventiks.de\/?page_id=166"},"modified":"2025-01-06T00:32:13","modified_gmt":"2025-01-06T00:32:13","slug":"impressum-datenschutz","status":"publish","type":"page","link":"https:\/\/garten-bramsiepe.eventiks.de\/index.php\/impressum-datenschutz\/","title":{"rendered":"Kontakt \/ Impressum"},"content":{"rendered":"\t\t<div data-elementor-type=\"wp-page\" data-elementor-id=\"166\" class=\"elementor elementor-166\">\n\t\t\t\t\t\t<section class=\"elementor-section elementor-top-section elementor-element elementor-element-fe0e4fa elementor-section-boxed elementor-section-height-default elementor-section-height-default\" data-id=\"fe0e4fa\" data-element_type=\"section\" data-e-type=\"section\">\n\t\t\t\t\t\t<div class=\"elementor-container elementor-column-gap-default\">\n\t\t\t\t\t<div class=\"elementor-column elementor-col-100 elementor-top-column elementor-element elementor-element-a3413d2\" data-id=\"a3413d2\" data-element_type=\"column\" data-e-type=\"column\">\n\t\t\t<div class=\"elementor-widget-wrap elementor-element-populated\">\n\t\t\t\t\t\t<div class=\"elementor-element elementor-element-d0c4ebb elementor-widget elementor-widget-heading\" data-id=\"d0c4ebb\" data-element_type=\"widget\" data-e-type=\"widget\" data-widget_type=\"heading.default\">\n\t\t\t\t<div class=\"elementor-widget-container\">\n\t\t\t\t\t<h2 class=\"elementor-heading-title elementor-size-default\">Kontakt<\/h2>\t\t\t\t<\/div>\n\t\t\t\t<\/div>\n\t\t\t\t<div class=\"elementor-element elementor-element-f042a7e elementor-widget elementor-widget-text-editor\" data-id=\"f042a7e\" data-element_type=\"widget\" data-e-type=\"widget\" data-widget_type=\"text-editor.default\">\n\t\t\t\t<div class=\"elementor-widget-container\">\n\t\t\t\t\t\t\t\t\t<p>Garten-Bramsiepe<br>Arndt Bramsiepe<br>Beuler H\u00f6he 17<br>45525 Hattingen<\/p><p><br><\/p>\n<p><strong>Kontakt<\/strong><br>Telefon: +49 2324 4 25 25<\/p><p>Mobil: +49 172 \/ 10 32 33 9<br>E-Mail:&nbsp;<a href=\"mailto: garten-bramsiepe@t-online.de\" target=\"_blank\">garten-bramsiepe@t-online.de<\/a><br>Website: garten-bramsiepe.eventiks.de<\/p>\t\t\t\t\t\t\t\t<\/div>\n\t\t\t\t<\/div>\n\t\t\t\t<div class=\"elementor-element elementor-element-2ff39f5 elementor-shape-rounded elementor-grid-0 e-grid-align-center elementor-widget elementor-widget-social-icons\" data-id=\"2ff39f5\" data-element_type=\"widget\" data-e-type=\"widget\" data-widget_type=\"social-icons.default\">\n\t\t\t\t<div class=\"elementor-widget-container\">\n\t\t\t\t\t\t\t<div class=\"elementor-social-icons-wrapper elementor-grid\" role=\"list\">\n\t\t\t\t\t\t\t<span class=\"elementor-grid-item\" role=\"listitem\">\n\t\t\t\t\t<a class=\"elementor-icon elementor-social-icon elementor-social-icon-instagram elementor-repeater-item-6d11f51\" href=\"https:\/\/www.instagram.com\/gartenbramsiepe\/\" target=\"_blank\">\n\t\t\t\t\t\t<span class=\"elementor-screen-only\">Instagram<\/span>\n\t\t\t\t\t\t<i aria-hidden=\"true\" class=\"fab fa-instagram\"><\/i>\t\t\t\t\t<\/a>\n\t\t\t\t<\/span>\n\t\t\t\t\t\t\t<span class=\"elementor-grid-item\" role=\"listitem\">\n\t\t\t\t\t<a class=\"elementor-icon elementor-social-icon elementor-social-icon-whatsapp elementor-repeater-item-8515cb2\" href=\"https:\/\/wa.me\/491721032339\" target=\"_blank\">\n\t\t\t\t\t\t<span class=\"elementor-screen-only\">Whatsapp<\/span>\n\t\t\t\t\t\t<i aria-hidden=\"true\" class=\"fab fa-whatsapp\"><\/i>\t\t\t\t\t<\/a>\n\t\t\t\t<\/span>\n\t\t\t\t\t\t\t<span class=\"elementor-grid-item\" role=\"listitem\">\n\t\t\t\t\t<a class=\"elementor-icon elementor-social-icon elementor-social-icon-mail-bulk elementor-repeater-item-3afe611\" href=\"mailto:garten-bramsiepe@t-online.de\" target=\"_blank\">\n\t\t\t\t\t\t<span class=\"elementor-screen-only\">Mail-bulk<\/span>\n\t\t\t\t\t\t<i aria-hidden=\"true\" class=\"fas fa-mail-bulk\"><\/i>\t\t\t\t\t<\/a>\n\t\t\t\t<\/span>\n\t\t\t\t\t\t\t<span class=\"elementor-grid-item\" role=\"listitem\">\n\t\t\t\t\t<a class=\"elementor-icon elementor-social-icon elementor-social-icon-phone-alt elementor-repeater-item-36882aa\" href=\"tel:%2049232442525\" target=\"_blank\">\n\t\t\t\t\t\t<span class=\"elementor-screen-only\">Phone-alt<\/span>\n\t\t\t\t\t\t<i aria-hidden=\"true\" class=\"fas fa-phone-alt\"><\/i>\t\t\t\t\t<\/a>\n\t\t\t\t<\/span>\n\t\t\t\t\t<\/div>\n\t\t\t\t\t\t<\/div>\n\t\t\t\t<\/div>\n\t\t\t\t<div class=\"elementor-element elementor-element-160a60e elementor-widget elementor-widget-google_maps\" data-id=\"160a60e\" data-element_type=\"widget\" data-e-type=\"widget\" data-widget_type=\"google_maps.default\">\n\t\t\t\t<div class=\"elementor-widget-container\">\n\t\t\t\t\t\t\t<div class=\"elementor-custom-embed\">\n\t\t\t<iframe loading=\"lazy\"\n\t\t\t\t\tsrc=\"https:\/\/maps.google.com\/maps?q=Beuler%20H%C3%B6he%2017%2C%2045525%20Hattingen&#038;t=m&#038;z=10&#038;output=embed&#038;iwloc=near\"\n\t\t\t\t\ttitle=\"Beuler H\u00f6he 17, 45525 Hattingen\"\n\t\t\t\t\taria-label=\"Beuler H\u00f6he 17, 45525 Hattingen\"\n\t\t\t><\/iframe>\n\t\t<\/div>\n\t\t\t\t\t\t<\/div>\n\t\t\t\t<\/div>\n\t\t\t\t<div class=\"elementor-element elementor-element-8357b4f elementor-widget elementor-widget-text-editor\" data-id=\"8357b4f\" data-element_type=\"widget\" data-e-type=\"widget\" data-widget_type=\"text-editor.default\">\n\t\t\t\t<div class=\"elementor-widget-container\">\n\t\t\t\t\t\t\t\t\t<p><strong>Impressum<\/strong><\/p><p><strong>\u00a0<\/strong><\/p><p><strong>Angaben gem\u00e4\u00df \u00a7 5 TMG<\/strong><br \/>Garten-Bramsiepe<br \/>Arndt Bramsiepe<br \/>Beuler H\u00f6he 17<br \/>45525 Hattingen<\/p><p>\u00a0<\/p><p>\u00a0<\/p><p><strong>Kontakt<\/strong><br \/>Telefon: +49 2324 42525<br \/>E-Mail: garten-bramsiepe@t-online.de<br \/>Website: garten-bramsiepe.eventiks.de<\/p><p>\u00a0<\/p><p><strong>Umsatzsteuer-ID<\/strong><br \/>Umsatzsteuer-Identifikationsnummer gem\u00e4\u00df \u00a7 27a Umsatzsteuergesetz: ()<\/p><p>\u00a0<\/p><p><strong>Berufsbezeichnung und berufsrechtliche Regelungen<\/strong><br \/>Berufsbezeichnung: Garten- und Landschaftsbau<br \/>Verliehen in: Deutschland<\/p><p>\u00a0<\/p><p><strong>Haftungsausschluss (Disclaimer)<\/strong><\/p><p><strong>Haftung f\u00fcr Inhalte<\/strong><br \/>Als Diensteanbieter sind wir gem\u00e4\u00df \u00a7 7 Abs.1 TMG f\u00fcr eigene Inhalte auf diesen Seiten nach den allgemeinen Gesetzen verantwortlich. Nach \u00a7\u00a7 8 bis 10 TMG sind wir als Diensteanbieter jedoch nicht verpflichtet, \u00fcbermittelte oder gespeicherte fremde Informationen zu \u00fcberwachen oder nach Umst\u00e4nden zu forschen, die auf eine rechtswidrige T\u00e4tigkeit hinweisen.<br \/>Verpflichtungen zur Entfernung oder Sperrung der Nutzung von Informationen nach den allgemeinen Gesetzen bleiben hiervon unber\u00fchrt. Eine diesbez\u00fcgliche Haftung ist jedoch erst ab dem Zeitpunkt der Kenntnis einer konkreten Rechtsverletzung m\u00f6glich. Bei Bekanntwerden von entsprechenden Rechtsverletzungen werden wir diese Inhalte umgehend entfernen.<\/p><p>\u00a0<\/p><p><strong>Haftung f\u00fcr Links<\/strong><br \/>Unser Angebot enth\u00e4lt Links zu externen Websites Dritter, auf deren Inhalte wir keinen Einfluss haben. Deshalb k\u00f6nnen wir f\u00fcr diese fremden Inhalte auch keine Gew\u00e4hr \u00fcbernehmen. F\u00fcr die Inhalte der verlinkten Seiten ist stets der jeweilige Anbieter oder Betreiber der Seiten verantwortlich. Die verlinkten Seiten wurden zum Zeitpunkt der Verlinkung auf m\u00f6gliche Rechtsverst\u00f6\u00dfe \u00fcberpr\u00fcft. Rechtswidrige Inhalte waren zum Zeitpunkt der Verlinkung nicht erkennbar. Eine permanente inhaltliche Kontrolle der verlinkten Seiten ist jedoch ohne konkrete Anhaltspunkte einer Rechtsverletzung nicht zumutbar. Bei Bekanntwerden von Rechtsverletzungen werden wir derartige Links umgehend entfernen.<\/p><p>\u00a0<\/p><p><strong>Urheberrecht<\/strong><br \/>Die durch die Seitenbetreiber erstellten Inhalte und Werke auf diesen Seiten unterliegen dem deutschen Urheberrecht. Die Vervielf\u00e4ltigung, Bearbeitung, Verbreitung und jede Art der Verwertung au\u00dferhalb der Grenzen des Urheberrechtes bed\u00fcrfen der schriftlichen Zustimmung des jeweiligen Autors bzw. Erstellers. Downloads und Kopien dieser Seite sind nur f\u00fcr den privaten, nicht kommerziellen Gebrauch gestattet. Soweit die Inhalte auf dieser Seite nicht vom Betreiber erstellt wurden, werden die Urheberrechte Dritter beachtet. Insbesondere werden Inhalte Dritter als solche gekennzeichnet. Sollten Sie trotzdem auf eine Urheberrechtsverletzung aufmerksam werden, bitten wir um einen entsprechenden Hinweis. Bei Bekanntwerden von Rechtsverletzungen werden wir derartige Inhalte umgehend entfernen.<\/p>\t\t\t\t\t\t\t\t<\/div>\n\t\t\t\t<\/div>\n\t\t\t\t<div class=\"elementor-element elementor-element-c310391 elementor-widget elementor-widget-text-editor\" data-id=\"c310391\" data-element_type=\"widget\" data-e-type=\"widget\" data-widget_type=\"text-editor.default\">\n\t\t\t\t<div class=\"elementor-widget-container\">\n\t\t\t\t\t\t\t\t\t<p><strong>Datenschutzerkl\u00e4rung<\/strong><\/p><p><strong><br><\/strong><\/p>\n<p><strong>1. Name und Kontaktdaten des Verantwortlichen<\/strong><br>Verantwortlich f\u00fcr die Datenverarbeitung auf dieser Website ist:<\/p>\n<p>Garten-Bramsiepe<br>Arndt Bramsiepe<br>Beuler H\u00f6he 17<br>45525 Hattingen<\/p>\n<p>Telefon: +49 2324 42525<br>E-Mail: <a rel=\"noopener\">garten-bramsiepe@t-online.de<\/a><br>Website: <a href=\"http:\/\/garten-bramsiepe.eventiks.de\/\" target=\"_new\" rel=\"noopener\">garten-bramsiepe.eventiks.de<\/a><\/p><p><br><\/p>\n<p><strong>2. Erhebung und Speicherung personenbezogener Daten sowie Art und Zweck ihrer Verwendung<\/strong><\/p><p><strong><br><\/strong><\/p>\n<p><strong>a) Beim Besuch der Website<\/strong><br>Beim Aufrufen unserer Website werden durch den auf Ihrem Endger\u00e4t zum Einsatz kommenden Browser automatisch Informationen an den Server unserer Website gesendet. Diese Informationen werden tempor\u00e4r in einem sogenannten Logfile gespeichert. Folgende Informationen werden dabei ohne Ihr Zutun erfasst und bis zur automatisierten L\u00f6schung gespeichert:<\/p>\n<ul>\n<li>IP-Adresse des anfragenden Rechners,<\/li>\n<li>Datum und Uhrzeit des Zugriffs,<\/li>\n<li>Name und URL der abgerufenen Datei,<\/li>\n<li>Website, von der aus der Zugriff erfolgt (Referrer-URL),<\/li>\n<li>verwendeter Browser und ggf. das Betriebssystem Ihres Rechners sowie der Name Ihres Access-Providers.<\/li>\n<\/ul>\n<p>Die genannten Daten werden durch uns zu folgenden Zwecken verarbeitet:<\/p>\n<ul>\n<li>Gew\u00e4hrleistung eines reibungslosen Verbindungsaufbaus der Website,<\/li>\n<li>Gew\u00e4hrleistung einer komfortablen Nutzung unserer Website,<\/li>\n<li>Auswertung der Systemsicherheit und -stabilit\u00e4t sowie<\/li>\n<li>zu weiteren administrativen Zwecken.<\/li>\n<\/ul>\n<p>Rechtsgrundlage f\u00fcr die Datenverarbeitung ist Art. 6 Abs. 1 lit. f DSGVO.<\/p><p><br><\/p>\n<p><strong>b) Kontaktaufnahme per E-Mail oder Kontaktformular<\/strong><br>Wenn Sie uns per E-Mail oder \u00fcber ein Kontaktformular Anfragen zukommen lassen, werden Ihre Angaben inklusive der von Ihnen angegebenen Kontaktdaten zwecks Bearbeitung der Anfrage und f\u00fcr den Fall von Anschlussfragen bei uns gespeichert.<br>Rechtsgrundlage f\u00fcr die Verarbeitung der Daten ist Art. 6 Abs. 1 lit. b DSGVO (Vertragserf\u00fcllung) oder Art. 6 Abs. 1 lit. f DSGVO (berechtigtes Interesse).<\/p><p><br><\/p>\n<p><strong>3. Weitergabe von Daten<\/strong><br>Eine \u00dcbermittlung Ihrer pers\u00f6nlichen Daten an Dritte zu anderen als den im Folgenden aufgef\u00fchrten Zwecken findet nicht statt:<\/p>\n<ul>\n<li>Die Weitergabe ist nach Art. 6 Abs. 1 lit. b DSGVO f\u00fcr die Abwicklung von Vertragsverh\u00e4ltnissen mit Ihnen erforderlich.<\/li>\n<li>Die Weitergabe ist nach Art. 6 Abs. 1 lit. c DSGVO gesetzlich vorgeschrieben.<\/li>\n<\/ul>\n<p><strong>4. Cookies<\/strong><br>Unsere Website verwendet Cookies. Cookies sind kleine Textdateien, die auf Ihrem Endger\u00e4t gespeichert werden. Einige Cookies sind notwendig, damit die Website funktioniert (\u201eessenzielle Cookies\u201c), andere dienen statistischen Zwecken oder der Optimierung des Angebots.<br>Beim ersten Besuch der Website haben Sie die M\u00f6glichkeit, Ihre Cookie-Einstellungen festzulegen.<\/p>\n<p>Rechtsgrundlage f\u00fcr essenzielle Cookies ist Art. 6 Abs. 1 lit. f DSGVO. F\u00fcr die Nutzung optionaler Cookies bitten wir um Ihre Einwilligung gem\u00e4\u00df Art. 6 Abs. 1 lit. a DSGVO.<\/p><p><br><\/p>\n<p><strong>5. Analyse- und Tracking-Tools<\/strong><br>Sofern wir Analyse-Tools einsetzen (z. B. Google Analytics), werden Sie vorab \u00fcber deren Einsatz informiert, und wir holen Ihre Einwilligung ein. Diese Tools dienen dazu, die Nutzung der Website zu analysieren und unser Angebot zu verbessern.<\/p><p><br><\/p>\n<p><strong>6. Betroffenenrechte<\/strong><br>Sie haben das Recht:<\/p>\n<ul>\n<li>gem\u00e4\u00df Art. 15 DSGVO Auskunft \u00fcber Ihre von uns verarbeiteten personenbezogenen Daten zu verlangen,<\/li>\n<li>gem\u00e4\u00df Art. 16 DSGVO unverz\u00fcglich die Berichtigung unrichtiger oder Vervollst\u00e4ndigung Ihrer bei uns gespeicherten personenbezogenen Daten zu verlangen,<\/li>\n<li>gem\u00e4\u00df Art. 17 DSGVO die L\u00f6schung Ihrer bei uns gespeicherten personenbezogenen Daten zu verlangen,<\/li>\n<li>gem\u00e4\u00df Art. 18 DSGVO die Einschr\u00e4nkung der Verarbeitung Ihrer personenbezogenen Daten zu verlangen,<\/li>\n<li>gem\u00e4\u00df Art. 20 DSGVO Ihre personenbezogenen Daten, die Sie uns bereitgestellt haben, in einem strukturierten, g\u00e4ngigen und maschinenlesbaren Format zu erhalten,<\/li>\n<li>gem\u00e4\u00df Art. 7 Abs. 3 DSGVO Ihre einmal erteilte Einwilligung jederzeit zu widerrufen und<\/li>\n<li>gem\u00e4\u00df Art. 77 DSGVO sich bei einer Aufsichtsbeh\u00f6rde zu beschweren.<\/li>\n<\/ul>\n<p><strong>7. Widerspruchsrecht<\/strong><br>Sofern Ihre personenbezogenen Daten auf Grundlage von berechtigten Interessen gem\u00e4\u00df Art. 6 Abs. 1 lit. f DSGVO verarbeitet werden, haben Sie das Recht, Widerspruch gegen die Verarbeitung einzulegen.<\/p><p><br><\/p>\n<p><strong>8. Datensicherheit<\/strong><br>Wir verwenden geeignete technische und organisatorische Ma\u00dfnahmen, um Ihre Daten vor Manipulation, Verlust, Zerst\u00f6rung oder unbefugtem Zugriff zu sch\u00fctzen.<\/p><p><br><\/p>\n<p><strong>9. Aktualit\u00e4t und \u00c4nderung dieser Datenschutzerkl\u00e4rung<\/strong><br>Diese Datenschutzerkl\u00e4rung ist aktuell g\u00fcltig und hat den Stand Januar 2025. \u00c4nderungen an der Datenschutzerkl\u00e4rung werden auf dieser Seite bekannt gegeben.<\/p>\t\t\t\t\t\t\t\t<\/div>\n\t\t\t\t<\/div>\n\t\t\t\t\t<\/div>\n\t\t<\/div>\n\t\t\t\t\t<\/div>\n\t\t<\/section>\n\t\t\t\t<section class=\"elementor-section elementor-top-section elementor-element elementor-element-b4180d7 elementor-section-boxed elementor-section-height-default elementor-section-height-default\" data-id=\"b4180d7\" data-element_type=\"section\" data-e-type=\"section\">\n\t\t\t\t\t\t<div class=\"elementor-container elementor-column-gap-default\">\n\t\t\t\t\t<div class=\"elementor-column elementor-col-100 elementor-top-column elementor-element elementor-element-506aaf0\" data-id=\"506aaf0\" data-element_type=\"column\" data-e-type=\"column\">\n\t\t\t<div class=\"elementor-widget-wrap elementor-element-populated\">\n\t\t\t\t\t\t<div class=\"elementor-element elementor-element-db8b6dc elementor-widget__width-initial elementor-widget elementor-widget-spacer\" data-id=\"db8b6dc\" data-element_type=\"widget\" data-e-type=\"widget\" data-widget_type=\"spacer.default\">\n\t\t\t\t<div class=\"elementor-widget-container\">\n\t\t\t\t\t\t\t<div class=\"elementor-spacer\">\n\t\t\t<div class=\"elementor-spacer-inner\"><\/div>\n\t\t<\/div>\n\t\t\t\t\t\t<\/div>\n\t\t\t\t<\/div>\n\t\t\t\t\t<\/div>\n\t\t<\/div>\n\t\t\t\t\t<\/div>\n\t\t<\/section>\n\t\t\t\t<\/div>\n\t\t","protected":false},"excerpt":{"rendered":"<p>Kontakt Garten-BramsiepeArndt BramsiepeBeuler H\u00f6he 1745525 Hattingen KontaktTelefon: +49 2324 4 25 25 Mobil: +49 172 \/ 10 32 33 9E-Mail:&nbsp;garten-bramsiepe@t-online.deWebsite: garten-bramsiepe.eventiks.de Instagram Whatsapp Mail-bulk Phone-alt [&hellip;]<\/p>\n","protected":false},"author":1,"featured_media":0,"parent":0,"menu_order":0,"comment_status":"closed","ping_status":"closed","template":"","meta":{"footnotes":""},"class_list":["post-166","page","type-page","status-publish","hentry"],"jetpack_sharing_enabled":true,"_links":{"self":[{"href":"https:\/\/garten-bramsiepe.eventiks.de\/index.php\/wp-json\/wp\/v2\/pages\/166","targetHints":{"allow":["GET"]}}],"collection":[{"href":"https:\/\/garten-bramsiepe.eventiks.de\/index.php\/wp-json\/wp\/v2\/pages"}],"about":[{"href":"https:\/\/garten-bramsiepe.eventiks.de\/index.php\/wp-json\/wp\/v2\/types\/page"}],"author":[{"embeddable":true,"href":"https:\/\/garten-bramsiepe.eventiks.de\/index.php\/wp-json\/wp\/v2\/users\/1"}],"replies":[{"embeddable":true,"href":"https:\/\/garten-bramsiepe.eventiks.de\/index.php\/wp-json\/wp\/v2\/comments?post=166"}],"version-history":[{"count":34,"href":"https:\/\/garten-bramsiepe.eventiks.de\/index.php\/wp-json\/wp\/v2\/pages\/166\/revisions"}],"predecessor-version":[{"id":350,"href":"https:\/\/garten-bramsiepe.eventiks.de\/index.php\/wp-json\/wp\/v2\/pages\/166\/revisions\/350"}],"wp:attachment":[{"href":"https:\/\/garten-bramsiepe.eventiks.de\/index.php\/wp-json\/wp\/v2\/media?parent=166"}],"curies":[{"name":"wp","href":"https:\/\/api.w.org\/{rel}","templated":true}]}}